{"id":2165,"date":"2018-04-22T09:48:47","date_gmt":"2018-04-22T07:48:47","guid":{"rendered":"https:\/\/dev.kalli.sk\/dokumentumok\/adatkezelesi-tajekoztato\/"},"modified":"2023-06-23T07:22:22","modified_gmt":"2023-06-23T05:22:22","slug":"adatkezelesi-tajekoztato","status":"publish","type":"page","link":"https:\/\/www.thekallidesign.com\/hu\/dokumentumok\/adatkezelesi-tajekoztato\/","title":{"rendered":"Adatkezel\u00e9si t\u00e1j\u00e9koztat\u00f3"},"content":{"rendered":"\n<div class=\"row row-small\"  id=\"row-824517183\">\n\n\n\t<div id=\"col-1322794702\" class=\"col is-sticky-column medium-3 small-12 large-3\"  >\n\t\t\t\t<div class=\"col-inner\"  >\n\t\t\t\n\t\t\t\n\n<div class=\"nav-wrapper\"><ul class=\"nav nav-uppercase nav-vertical nav-size-large nav-tabs text-left nav-left\"><p class=\"lead shortcode-error text-center\">Sorry, no pages was found<\/p><\/ul><\/div>\n\n\n\t\t<\/div>\n\t\t\t\t\t<\/div>\n\n\t\n\n\t<div id=\"col-447147934\" class=\"col medium-9 small-12 large-9\"  >\n\t\t\t\t<div class=\"col-inner\"  >\n\t\t\t\n\t\t\t\n\n<h1><strong>Adatkezel\u00e9si t\u00e1j\u00e9koztat\u00f3 <\/strong><\/h1>\n<p>KALLI s.r.o. Senn\u00fd trh 3116\/7, 94501 Kom\u00e1rno, szem\u00e9lyi azonos\u00edt\u00f3 sz\u00e1m: 54424798 , \u00c1FA sz\u00e1m: 2121662433, bejegyezve a Nyitrai Ker\u00fcleti B\u00edr\u00f3s\u00e1g kereskedelmi nyilv\u00e1ntart\u00e1s\u00e1ba, r\u00e9szleg: Sro, bet\u00e9tsz\u00e1m: 56661\/N (a tov\u00e1bbiakban: &#8220;Elad\u00f3&#8221;), a www.thekallidesign.com web\u00e1ruh\u00e1z \u00fczemeltet\u0151je kijelenti, hogy minden szem\u00e9lyes adatot (a tov\u00e1bbiakban: &#8220;adatok&#8221;) szigor\u00faan bizalmasan kezel, \u00e9s a szem\u00e9lyes adatok v\u00e9delm\u00e9re vonatkoz\u00f3 hat\u00e1lyos jogi rendelkez\u00e9seknek megfelel\u0151en kezel. <\/p>\n<p>Az \u00d6n szem\u00e9lyes adatainak biztons\u00e1ga sz\u00e1munkra els\u0151dleges fontoss\u00e1g\u00fa. Ez\u00e9rt kell\u0151 figyelmet ford\u00edtunk a szem\u00e9lyes adatokra \u00e9s azok v\u00e9delm\u00e9re. Ebben a szem\u00e9lyes adatok kezel\u00e9s\u00e9re vonatkoz\u00f3 szab\u00e1lyzatban (&#8220;Szab\u00e1lyzat&#8221;) szeretn\u00e9nk t\u00e1j\u00e9koztatni \u00d6nt arr\u00f3l, hogy milyen szem\u00e9lyes adatokat gy\u0171jt\u00fcnk \u00d6nr\u0151l, \u00e9s hogyan haszn\u00e1ljuk fel azokat.  <\/p>\n<ol>\n<li>\u2022 Szem\u00e9lyes adatok \u00e9s azok feldolgoz\u00e1sa<\/li>\n<\/ol>\n<p>1.1. A szem\u00e9lyes adatok kateg\u00f3ri\u00e1i<\/p>\n<p>K\u00fcl\u00f6nb\u00f6z\u0151 adatokat gy\u0171jt\u00fcnk att\u00f3l f\u00fcgg\u0151en, hogy \u00d6n melyik szolg\u00e1ltat\u00e1sunkat veszi ig\u00e9nybe.<\/p>\n<p>Ha regisztr\u00e1ci\u00f3 n\u00e9lk\u00fcl v\u00e1s\u00e1rol n\u00e1lunk, akkor gy\u0171jtj\u00fck:<\/p>\n<ul>\n<li>\u2022 N\u00e9v \u00e9s el\u00e9rhet\u0151s\u00e9g. El\u0151- \u00e9s ut\u00f3n\u00e9v, e-mail c\u00edm, postac\u00edm, sz\u00e1ml\u00e1z\u00e1si c\u00edm, telefonsz\u00e1m, banksz\u00e1mla. <\/li>\n<li>\u2022 A szerz\u0151d\u00e9s id\u0151tartama \u00e1ltal gener\u00e1lt adatok &#8211; v\u00e1s\u00e1rolt term\u00e9kek, \u00fcgyf\u00e9lszegmens, ny\u00fajtott szolg\u00e1ltat\u00e1sok mennyis\u00e9ge.<\/li>\n<\/ul>\n<p>Ha \u00d6n regisztr\u00e1lt \u00fcgyf\u00e9lk\u00e9nt v\u00e1s\u00e1rol t\u0151l\u00fcnk, gy\u0171jtj\u00fck:<\/p>\n<ul>\n<li>\u2022 N\u00e9v \u00e9s el\u00e9rhet\u0151s\u00e9g. El\u0151- \u00e9s ut\u00f3n\u00e9v, e-mail c\u00edm, postac\u00edm, sz\u00e1ml\u00e1z\u00e1si c\u00edm, telefonsz\u00e1m, banksz\u00e1mla. <\/li>\n<li>\u2022 A szerz\u0151d\u00e9s id\u0151tartama \u00e1ltal gener\u00e1lt adatok &#8211; v\u00e1s\u00e1rolt term\u00e9kek, \u00fcgyf\u00e9lszegmens, ny\u00fajtott szolg\u00e1ltat\u00e1sok mennyis\u00e9ge.<\/li>\n<li>Bejelentkez\u00e9si adatok. Bejelentkez\u00e9si nevek \u00e9s jelszavak. A t\u00e9nyleges jelsz\u00f3hoz nem f\u00e9r\u00fcnk hozz\u00e1.  <\/li>\n<\/ul>\n<p>Ha \u00d6n regisztr\u00e1lt nagykereskedelmi v\u00e1s\u00e1rl\u00f3k\u00e9nt v\u00e1s\u00e1rol t\u0151l\u00fcnk, gy\u0171jtj\u00fck:<\/p>\n<ul>\n<li>\u2022 N\u00e9v \u00e9s el\u00e9rhet\u0151s\u00e9g. El\u0151- \u00e9s ut\u00f3n\u00e9v, e-mail c\u00edm, postac\u00edm, sz\u00e1ml\u00e1z\u00e1si c\u00edm, telefonsz\u00e1m, banksz\u00e1mlasz\u00e1m, ad\u00f3sz\u00e1m \u00e9s ad\u00f3sz\u00e1m. <\/li>\n<li>\u2022 A szerz\u0151d\u00e9s id\u0151tartama \u00e1ltal gener\u00e1lt adatok &#8211; v\u00e1s\u00e1rolt term\u00e9kek, \u00fcgyf\u00e9lszegmens, ny\u00fajtott szolg\u00e1ltat\u00e1sok mennyis\u00e9ge.<\/li>\n<\/ul>\n<p>Bejelentkez\u00e9si adatok. Bejelentkez\u00e9si nevek \u00e9s jelszavak. A t\u00e9nyleges jelsz\u00f3hoz nem f\u00e9r\u00fcnk hozz\u00e1.  <\/p>\n<p>Ha marketing\u00fczeneteket kap t\u0151l\u00fcnk, akkor gy\u0171jtj\u00fck:<\/p>\n<ul>\n<li>\u2022 N\u00e9v \u00e9s el\u00e9rhet\u0151s\u00e9gek &#8211; e-mail c\u00edm \u00e9s keresztn\u00e9v.<\/li>\n<\/ul>\n<p>A k\u00f6vetkez\u0151 szem\u00e9lyes adatokat dolgozzuk fel:<\/p>\n<ul>\n<li>\u2022 Az Elad\u00f3 \u00e9s a Vev\u0151 k\u00f6z\u00f6tti kommunik\u00e1ci\u00f3b\u00f3l sz\u00e1rmaz\u00f3 adatok<\/li>\n<li>\u2022 Az Elad\u00f3 \u00e1ltal fenntartott weboldalakon tan\u00fas\u00edtott magatart\u00e1s nyilv\u00e1ntart\u00e1sa.<\/li>\n<\/ul>\n<p>1.2. A szem\u00e9lyes adatok feldolgoz\u00e1s\u00e1nak c\u00e9ljai:<\/p>\n<p>Szolg\u00e1ltat\u00e1sny\u00fajt\u00e1s \u00e9s -fejleszt\u00e9s. Az \u00e1ltalunk k\u00edn\u00e1lt szolg\u00e1ltat\u00e1sok ny\u00fajt\u00e1sa \u00e9s az \u00d6n megel\u00e9ged\u00e9s\u00e9re t\u00f6rt\u00e9n\u0151 jav\u00edt\u00e1sa \u00e9rdek\u00e9ben feldolgozzuk az \u00d6n szem\u00e9lyes adatait. Ez konkr\u00e9tan a k\u00f6vetkez\u0151ket foglalja mag\u00e1ban:  <\/p>\n<ul>\n<li>A weboldalunkon vagy \u00fcgyf\u00e9lszolg\u00e1lati vonalunkon kereszt\u00fcl megrendelt \u00e1ruk vagy szolg\u00e1ltat\u00e1sok megrendel\u00e9seinek feldolgoz\u00e1sa. A jogi ok itt az ad\u00e1sv\u00e9teli szerz\u0151d\u00e9s teljes\u00edt\u00e9s\u00e9hez sz\u00fcks\u00e9ges, illetve a kiv\u00e1lasztott adatok eset\u00e9ben a jogi k\u00f6telezetts\u00e9gek (pl. sz\u00e1mviteli dokumentumok) teljes\u00edt\u00e9s\u00e9hez sz\u00fcks\u00e9ges. <\/li>\n<li>\u00dcgyf\u00e9lszolg\u00e1lat. Az \u00fcgyf\u00e9lszolg\u00e1lat biztos\u00edt\u00e1sa \u00e9s az ad\u00e1sv\u00e9teli szerz\u0151d\u00e9s teljes\u00edt\u00e9se sor\u00e1n felmer\u00fcl\u0151 probl\u00e9m\u00e1k elh\u00e1r\u00edt\u00e1sa \u00e9rdek\u00e9ben az \u00d6n szem\u00e9lyes adatait az eml\u00edtett szerz\u0151d\u00e9sek sz\u00fcks\u00e9ges teljes\u00edt\u00e9se alapj\u00e1n kezelj\u00fck. <\/li>\n<li>\u2022 Kommunik\u00e1ci\u00f3. Az \u00e1ltalunk gy\u0171jt\u00f6tt adatokat az \u00d6nnel val\u00f3 kommunik\u00e1ci\u00f3ra \u00e9s szem\u00e9lyre szabott kommunik\u00e1ci\u00f3ra haszn\u00e1ljuk. P\u00e9ld\u00e1ul felvehetj\u00fck \u00d6nnel a kapcsolatot telefonon, e-mailben vagy m\u00e1s m\u00f3don, hogy eml\u00e9keztess\u00fck arra, hogy vannak t\u00e9telek az online kosar\u00e1ban, hogy seg\u00edts\u00fcnk \u00d6nnek a megrendel\u00e9s\u00e9nek befejez\u00e9s\u00e9ben, hogy \u00e9rtes\u00edts\u00fck \u00d6nt a k\u00e9r\u00e9se, megrendel\u00e9se vagy ig\u00e9nyl\u00e9se aktu\u00e1lis \u00e1llapot\u00e1r\u00f3l, vagy hogy tov\u00e1bbi inform\u00e1ci\u00f3kat k\u00e9rj\u00fcnk \u00d6nt\u0151l ezzel kapcsolatban, vagy hogy \u00e9rtes\u00edts\u00fck arr\u00f3l, hogy meg kell tennie egy olyan int\u00e9zked\u00e9st, amely sz\u00fcks\u00e9ges ahhoz, hogy fi\u00f3kja akt\u00edv maradjon. Ha \u00d6n nem tagk\u00e9nt v\u00e1s\u00e1rol t\u0151l\u00fcnk, akkor ezeket az adatokat jogos \u00e9rdekb\u0151l kezelj\u00fck, amely a KALLI Kft. jogos \u00e9rdekeit szolg\u00e1lja. a fentiekben le\u00edrtak szerint   <\/li>\n<li>\u2022 Szolg\u00e1ltat\u00e1sfejleszt\u00e9s &#8211; Az adatokat szolg\u00e1ltat\u00e1saink \u00e9s rendszereink folyamatos fejleszt\u00e9s\u00e9re haszn\u00e1ljuk, bele\u00e9rtve \u00faj funkci\u00f3k hozz\u00e1ad\u00e1s\u00e1t, mik\u00f6zben megalapozott d\u00f6nt\u00e9seket hozunk az \u00f6sszes\u00edtett elemz\u00e9sek \u00e9s \u00fczleti intelligencia seg\u00edts\u00e9g\u00e9vel, mindezt az \u00fczleti \u00e9let szabads\u00e1g\u00e1b\u00f3l ered\u0151 jogos \u00e9rdek\u00fcnk alapj\u00e1n, valamint az \u00e1ltalunk ny\u00fajtott szolg\u00e1ltat\u00e1sok fejleszt\u00e9s\u00e9nek sz\u00fcks\u00e9gess\u00e9ge alapj\u00e1n, hogy sikeresen versenyezhess\u00fcnk. Az \u00d6n jogainak \u00e9s \u00e9rdekeinek megfelel\u0151 v\u00e9delme \u00e9rdek\u00e9ben a szem\u00e9lyes adatokat anonimiz\u00e1lt form\u00e1ban haszn\u00e1ljuk fel a fejleszt\u00e9s c\u00e9lj\u00e1b\u00f3l.  <\/li>\n<\/ul>\n<p><strong>V\u00e9delem, biztons\u00e1g \u00e9s vitarendez\u00e9s. <\/strong><\/p>\n<p>Jogos \u00e9rdekb\u0151l is kezelhet\u00fcnk adatokat, ami a rendszereink \u00e9s \u00fcgyfeleink v\u00e9delm\u00e9nek \u00e9s biztons\u00e1g\u00e1nak biztos\u00edt\u00e1sa, a csal\u00e1s felder\u00edt\u00e9se \u00e9s megel\u0151z\u00e9se, a jogvit\u00e1k rendez\u00e9se \u00e9s a meg\u00e1llapod\u00e1saink \u00e9rv\u00e9nyes\u00edt\u00e9se \u00e9rdek\u00e9ben, jogos \u00e9rdek alapj\u00e1n.<\/p>\n<p><strong>Marketing aj\u00e1nlatok. <\/strong><\/p>\n<p>H\u00edrlev\u00e9l e-mailben (\u00fczleti bejelent\u00e9s)<\/p>\n<ul>\n<li>\u2022 Az \u00d6n \u00e1ltal v\u00e1s\u00e1rolt term\u00e9kekhez hasonl\u00f3 term\u00e9kekkel kapcsolatos kereskedelmi k\u00f6zlem\u00e9nyt k\u00fcld\u00fcnk \u00d6nnek.<\/li>\n<li>\u2022 \u00d6n b\u00e1rmikor lemondhat ezekr\u0151l a kereskedelmi k\u00f6zlem\u00e9nyekr\u0151l a minden e-mailben tal\u00e1lhat\u00f3 leiratkoz\u00e1si link seg\u00edts\u00e9g\u00e9vel. A leiratkoz\u00e1ssal k\u00f6zvetlen\u00fcl is kapcsolatba l\u00e9phet \u00fcgyf\u00e9lszolg\u00e1latunkkal vagy adatv\u00e9delmi tisztvisel\u0151nkkel. <\/li>\n<li>\u2022 Ha leiratkozik a kereskedelmi kommunik\u00e1ci\u00f3r\u00f3l, a tov\u00e1bbiakban nem haszn\u00e1ljuk fel elektronikus el\u00e9rhet\u0151s\u00e9geit ilyen c\u00e9lokra. \u00dajra elkezdj\u00fck haszn\u00e1lni \u0151ket, ha \u00d6n regisztr\u00e1l vagy kifejezetten k\u00e9ri \u0151ket. <\/li>\n<\/ul>\n<p>Az \u00d6n \u00e1ltal kapott marketingaj\u00e1nlatok az \u00d6nr\u0151l id\u0151vel gy\u0171jt\u00f6tt egy\u00e9b inform\u00e1ci\u00f3k alapj\u00e1n ker\u00fclhetnek kiv\u00e1laszt\u00e1sra, amelyek az \u00d6n el\u00e9rhet\u0151s\u00e9gi adataib\u00f3l, demogr\u00e1fiai adataib\u00f3l, kedvenceib\u0151l, valamint term\u00e9keink \u00e9s weboldalaink haszn\u00e1lati adataib\u00f3l (cookie-k, IP-c\u00edm, az \u00d6n b\u00f6ng\u00e9sz\u0151je \u00e1ltal megadott adatok, kattint\u00e1si adatok, megtekintett \u00e9rt\u00e9kes\u00edt\u00e9si k\u00f6zlem\u00e9nyek, megl\u00e1togatott term\u00e9kek) sz\u00e1rmaznak. Nem v\u00e9gz\u00fcnk olyan teljesen automatiz\u00e1lt feldolgoz\u00e1st, amelynek \u00d6nre n\u00e9zve joghat\u00e1sai lenn\u00e9nek. <\/p>\n<p>Ha \u00d6n nem tagk\u00e9nt v\u00e1s\u00e1rol t\u0151l\u00fcnk, akkor ezeket az adatokat jogos \u00e9rdekb\u0151l kezelj\u00fck, ami a jogos hagyom\u00e1nyos marketinget jelenti.<\/p>\n<p>Ha \u00d6n nem a mi \u00fcgyfel\u00fcnk, akkor az \u00d6n hozz\u00e1j\u00e1rul\u00e1sa alapj\u00e1n dolgozunk fel adatokat.<\/p>\n<p>\u00d6nnek joga van ahhoz, hogy b\u00e1rmikor d\u00edjmentesen tiltakozzon ezen adatkezel\u00e9s ellen. Az el\u00e9rhet\u0151s\u00e9gek e dokumentum v\u00e9g\u00e9n tal\u00e1lhat\u00f3k. <\/p>\n<p>A KALLI s.r.o. \u00e1ltal \u00fczemeltetett weboldalak cookie-jainak feldolgoz\u00e1sa.<\/p>\n<p>Ha a webb\u00f6ng\u00e9sz\u0151j\u00e9ben enged\u00e9lyezte a cookie-k haszn\u00e1lat\u00e1t, akkor a KALLI s.r.o. \u00e1ltal \u00fczemeltetett weboldalakon elhelyezett cookie-kb\u00f3l sz\u00e1rmaz\u00f3 viselked\u00e9si adatokat a thekallidesign.com weboldal jobb m\u0171k\u00f6d\u00e9s\u00e9nek biztos\u00edt\u00e1sa \u00e9s a KALLI s.r.o. internetes rekl\u00e1moz\u00e1sa c\u00e9lj\u00e1b\u00f3l kezelj\u00fck. Tov\u00e1bbi inform\u00e1ci\u00f3 a jelen dokumentum k\u00fcl\u00f6n fejezet\u00e9ben tal\u00e1lhat\u00f3.<\/p>\n<h1>1.3 Szem\u00e9lyes adatok tov\u00e1bb\u00edt\u00e1sa harmadik f\u00e9lnek <\/h1>\n<p>Az \u00d6n szem\u00e9lyes adatait csak akkor adjuk \u00e1t harmadik f\u00e9lnek, vagy k\u00f6z\u00f6lj\u00fck m\u00e1s m\u00f3don, ha ez az ad\u00e1sv\u00e9teli szerz\u0151d\u00e9s teljes\u00edt\u00e9s\u00e9hez sz\u00fcks\u00e9ges jogos \u00e9rdek alapj\u00e1n, vagy ha \u00d6n el\u0151zetesen beleegyez\u00e9s\u00e9t adta.<\/p>\n<ol>\n<li>\u2022 hitelk\u00e1rtya-t\u00e1rsas\u00e1gok, fizet\u00e9si szolg\u00e1ltat\u00f3k a fizet\u00e9s feldolgoz\u00e1s\u00e1ra \u00e9s bankok az \u00d6n megrendel\u00e9se alapj\u00e1n, az ad\u00e1sv\u00e9teli szerz\u0151d\u00e9s teljes\u00edt\u00e9se \u00e9rdek\u00e9ben.<\/li>\n<li>\u2022 a fuvaroz\u00f3nak az \u00d6n \u00e1ltal megrendelt term\u00e9kek vagy szolg\u00e1ltat\u00e1sok kisz\u00e1ll\u00edt\u00e1sa \u00e9s a panaszok kezel\u00e9se c\u00e9lj\u00e1b\u00f3l, bele\u00e9rtve a szerz\u0151d\u00e9st\u0151l val\u00f3 el\u00e1ll\u00e1st is.<\/li>\n<li>\u2022 egy\u00e9b szolg\u00e1ltat\u00f3k, az adatfeldolgoz\u00e1sban r\u00e9szt vev\u0151 harmadik felek<\/li>\n<li>\u2022 harmadik felek, pl. \u00fcgyv\u00e9dek, b\u00edr\u00f3s\u00e1gok sz\u00e1m\u00e1ra az \u00d6nnel k\u00f6t\u00f6tt szerz\u0151d\u00e9sek \u00e9rv\u00e9nyes\u00edt\u00e9se vagy megk\u00f6t\u00e9se c\u00e9lj\u00e1b\u00f3l <\/li>\n<li>\u2022 hat\u00f3s\u00e1gok (pl. rend\u0151rs\u00e9g)<\/li>\n<li>\u2022 \u00fcgyf\u00e9lfelm\u00e9r\u00e9st v\u00e9gz\u0151 harmadik felek<\/li>\n<\/ol>\n<p>Amennyiben harmadik felek az adatokat jogos \u00e9rdek\u00fck keret\u00e9ben haszn\u00e1lj\u00e1k fel, az adatkezel\u0151 nem felel\u0151s az ilyen adatkezel\u00e9s\u00e9rt. Az ilyen feldolgoz\u00e1sra az \u00e9rintett v\u00e1llalatok \u00e9s szem\u00e9lyek adatfeldolgoz\u00e1si szab\u00e1lyzatai vonatkoznak. <strong>  <\/strong><\/p>\n<h1>2. \u00dcgyf\u00e9lsz\u00e1mla \u00e9s v\u00e1s\u00e1rl\u00e1s regisztr\u00e1ci\u00f3 n\u00e9lk\u00fcl<\/h1>\n<ol>\n<li>\u2022 A regisztr\u00e1ci\u00f3s meg\u00e1llapod\u00e1s r\u00e9szek\u00e9nt l\u00e9trehozunk egy \u00fcgyf\u00e9lsz\u00e1ml\u00e1t az \u00d6n sz\u00e1m\u00e1ra, amelyet a k\u00f6vetkez\u0151kkel biztos\u00edtunk mott\u00f3. \u00dcgyf\u00e9lfi\u00f3kj\u00e1n bel\u00fcl k\u00f6zvetlen hozz\u00e1f\u00e9r\u00e9st kap adataihoz, bele\u00e9rtve azok szerkeszt\u00e9s\u00e9t is, \u00e9s \u00edgy megtekintheti kit\u00f6lt\u00f6tt \u00e9s hi\u00e1nyos adatait. Szem\u00e9lyes adatait is kezelheti \u00fcgyf\u00e9lsz\u00e1ml\u00e1j\u00e1n kereszt\u00fcl.  <\/li>\n<\/ol>\n<ol>\n<li>\u2022 Ha nem k\u00edv\u00e1n v\u00e1s\u00e1rl\u00f3i fi\u00f3kot l\u00e9trehozni a v\u00e1s\u00e1rl\u00e1shoz, akkor regisztr\u00e1ci\u00f3 n\u00e9lk\u00fcl, azaz nem tagk\u00e9nt is v\u00e1s\u00e1rolhat web\u00e1ruh\u00e1zunkban.  <\/li>\n<li>\u2022 \u00d6n jogosult a regisztr\u00e1ci\u00f3s szerz\u0151d\u00e9st az alkalmazand\u00f3 felt\u00e9teleknek megfelel\u0151en felmondani.<strong style=\"color: #555555;\"> <\/strong><\/li>\n<\/ol>\n<h1>3. A szem\u00e9lyes adatok biztons\u00e1ga \u00e9s meg\u0151rz\u00e9si id\u0151<\/h1>\n<h2>3.1. A szem\u00e9lyes adatok biztons\u00e1ga<\/h2>\n<ol>\n<li>\u2022 Az \u00d6n szem\u00e9lyes adatait titkos\u00edtott form\u00e1ban tov\u00e1bb\u00edtjuk. SSL (secure socket layer) titkos\u00edt\u00e1si rendszert haszn\u00e1lunk. Weboldalunkat \u00e9s egy\u00e9b rendszereinket technikai \u00e9s szervez\u00e9si int\u00e9zked\u00e9sekkel biztos\u00edtjuk az \u00d6n adatainak elveszt\u00e9se \u00e9s megsemmis\u00fcl\u00e9se, valamint az \u00d6n adataihoz val\u00f3 jogosulatlan hozz\u00e1f\u00e9r\u00e9s, azok megv\u00e1ltoztat\u00e1sa vagy terjeszt\u00e9se ellen.  <\/li>\n<li>\u2022 Adatfeldolgoz\u00f3inkt\u00f3l megk\u00f6vetelj\u00fck, hogy bizony\u00edts\u00e1k, hogy rendszereik megfelelnek a GDPR-nak.<\/li>\n<li>\u2022 Az \u00fcgyf\u00e9lsz\u00e1ml\u00e1j\u00e1hoz val\u00f3 hozz\u00e1f\u00e9r\u00e9s csak szem\u00e9lyes jelszava megad\u00e1sa ut\u00e1n lehets\u00e9ges. Ebben az \u00f6sszef\u00fcgg\u00e9sben szeretn\u00e9nk felh\u00edvni a figyelm\u00e9t arra, hogy fontos, hogy ne adja \u00e1t hozz\u00e1f\u00e9r\u00e9si adatait harmadik f\u00e9lnek, \u00e9s mindig z\u00e1rja be a webb\u00f6ng\u00e9sz\u0151 ablak\u00e1t, amikor befejezte az \u00fcgyf\u00e9lfi\u00f3kj\u00e1ban v\u00e9gzett tev\u00e9kenys\u00e9g\u00e9t, k\u00fcl\u00f6n\u00f6sen akkor, ha a sz\u00e1m\u00edt\u00f3g\u00e9p\u00e9t m\u00e1s felhaszn\u00e1l\u00f3kkal egy\u00fctt haszn\u00e1lja. A KALLI s.r.o. nem v\u00e1llal felel\u0151ss\u00e9get a haszn\u00e1lt jelszavakkal val\u00f3 vissza\u00e9l\u00e9s\u00e9rt, kiv\u00e9ve, ha az Elad\u00f3 k\u00f6zvetlen\u00fcl okozta ezt a helyzetet.  <\/li>\n<\/ol>\n<h3>3.2. Feldolgoz\u00e1si id\u0151szak<\/h3>\n<p>Szem\u00e9lyes adatokat dolgozunk fel \u00e9s t\u00e1rolunk<\/p>\n<ul>\n<li>\u2022 az ad\u00e1sv\u00e9teli szerz\u0151d\u00e9sb\u0151l ered\u0151 valamennyi jog \u00e9s k\u00f6telezetts\u00e9g biztos\u00edt\u00e1s\u00e1hoz sz\u00fcks\u00e9ges id\u0151 alatt, azaz. <\/li>\n<\/ul>\n<p>a megrendel\u00e9s \u00e9s a j\u00f3t\u00e1ll\u00e1si id\u0151szak alatt<\/p>\n<ul>\n<li>\u2022 a regisztr\u00e1ci\u00f3s szerz\u0151d\u00e9s id\u0151tartama alatt<\/li>\n<li>\u2022 azon id\u0151szak alatt, am\u00edg az Elad\u00f3, mint adminisztr\u00e1tor k\u00f6teles azokat az \u00e1ltal\u00e1nosan k\u00f6telez\u0151 \u00e9rv\u00e9ny\u0171 jogszab\u00e1lyoknak megfelel\u0151en meg\u0151rizni. A sz\u00e1mviteli dokumentumokat, pl. a KALLI s.r.o. \u00e1ltal ki\u00e1ll\u00edtott sz\u00e1ml\u00e1kat a jogszab\u00e1lyoknak megfelel\u0151en a ki\u00e1ll\u00edt\u00e1sukt\u00f3l sz\u00e1m\u00edtott 10 \u00e9vig archiv\u00e1ljuk.  <\/li>\n<li>\u2022 A marketingaj\u00e1nlatokhoz val\u00f3 hozz\u00e1j\u00e1rul\u00e1s 4 \u00e9vig vagy visszavon\u00e1sig \u00e9rv\u00e9nyes.<\/li>\n<li>\u2022 V\u00e9lem\u00e9nyek 6 \u00e9v<\/li>\n<li>\u2022 Kommunik\u00e1ci\u00f3 2 \u00e9v<\/li>\n<\/ul>\n<p>M\u00e1s esetekben az adatkezel\u00e9s id\u0151tartama az adatkezel\u00e9s c\u00e9lj\u00e1b\u00f3l ad\u00f3dik, vagy az adatv\u00e9delmi jogszab\u00e1lyok hat\u00e1rozz\u00e1k meg.<\/p>\n<h1>4. Az \u00e9rintettek jogai<\/h1>\n<ol>\n<li>\u2022 Ha szem\u00e9lyes adatait kezelj\u00fck, b\u00e1rmikor k\u00e9rhet ingyenes t\u00e1j\u00e9koztat\u00e1st szem\u00e9lyes adatai kezel\u00e9s\u00e9r\u0151l.<\/li>\n<li>\u2022 Ha \u00fagy v\u00e9li, hogy szem\u00e9lyes adatait az \u00d6n szem\u00e9lyes adatainak v\u00e9delm\u00e9t \u00e9s az adatv\u00e9delmi t\u00f6rv\u00e9nyi felt\u00e9teleket megs\u00e9rtve kezelj\u00fck, magyar\u00e1zatot k\u00e9rhet, k\u00e9rheti, hogy orvosoljuk a helyzetet, k\u00fcl\u00f6n\u00f6sen k\u00e9rheti a szem\u00e9lyes adatok helyesb\u00edt\u00e9s\u00e9t, kieg\u00e9sz\u00edt\u00e9s\u00e9t, megsemmis\u00edt\u00e9s\u00e9t vagy z\u00e1rol\u00e1s\u00e1t.<\/li>\n<li>\u2022 Jogai gyakorl\u00e1s\u00e1hoz forduljon az adatv\u00e9delmi tisztvisel\u0151h\u00f6z a info@thekallidesign.com c\u00edmen. Az Adatv\u00e9delmi Hat\u00f3s\u00e1ghoz is fordulhat. <\/li>\n<li>\u2022 \u00d6n b\u00e1rmikor visszavonhatja a szem\u00e9lyes adatainak feldolgoz\u00e1s\u00e1hoz adott hozz\u00e1j\u00e1rul\u00e1s\u00e1t. Ha visszavonja a szem\u00e9lyes adatai feldolgoz\u00e1s\u00e1hoz adott hozz\u00e1j\u00e1rul\u00e1s\u00e1t, az \u00d6n szem\u00e9lyes adatait t\u00f6r\u00f6lj\u00fck vagy anonimiz\u00e1ljuk, de ez nem vonatkozik azokra a szem\u00e9lyes adatokra, amelyekre az Elad\u00f3nak jogi k\u00f6telezetts\u00e9geinek teljes\u00edt\u00e9s\u00e9hez (pl. egy m\u00e1r leadott megrendel\u00e9s feldolgoz\u00e1s\u00e1hoz) vagy jogos \u00e9rdekeinek v\u00e9delm\u00e9hez van sz\u00fcks\u00e9ge. A szem\u00e9lyes adatok megsemmis\u00edt\u00e9s\u00e9re akkor is sor ker\u00fcl, ha a szem\u00e9lyes adatokra m\u00e1r nincs sz\u00fcks\u00e9g a megadott c\u00e9l \u00e9rdek\u00e9ben, vagy ha az \u00d6n adatainak t\u00e1rol\u00e1sa egy\u00e9b t\u00f6rv\u00e9nyes okokb\u00f3l nem megengedett.  <strong style=\"color: #555555;\"> <\/strong><\/li>\n<\/ol>\n<h1>5. Weboldal<\/h1>\n<h2>5.1. S\u00fctik<\/h2>\n<p>Weboldalunk s\u00fctiket haszn\u00e1l, hogy k\u00edn\u00e1latunkat relev\u00e1nss\u00e1, \u00e9rdekess\u00e9 \u00e9s felhaszn\u00e1l\u00f3bar\u00e1tt\u00e1 tegye. A s\u00fctik olyan kis sz\u00f6veges f\u00e1jlok, amelyeket az \u00d6n sz\u00e1m\u00edt\u00f3g\u00e9pe, okostelefonja vagy m\u00e1s eszk\u00f6ze t\u00e1rol, \u00e9s amelyeket az \u00d6n b\u00f6ng\u00e9sz\u0151je haszn\u00e1l. Az Elad\u00f3 a Facebook \u00e9s a Google cookie-jait is haszn\u00e1lja A cookie-kat p\u00e9ld\u00e1ul a k\u00f6vetkez\u0151kre haszn\u00e1ljuk:    <\/p>\n<ul>\n<li>\u2022 a kos\u00e1r megfelel\u0151 m\u0171k\u00f6d\u00e9se, hogy a lehet\u0151 legegyszer\u0171bben tudja befejezni a rendel\u00e9s\u00e9t<\/li>\n<li>\u2022 megjegyzi a bejelentkez\u00e9si adatait, hogy ne kelljen \u00fajra megadni \u0151ket<\/li>\n<li>\u2022 weboldalunk min\u00e9l jobban az \u00d6n ig\u00e9nyeihez igaz\u00edt\u00e1sa az \u00d6n forgalm\u00e1nak, a weboldalon val\u00f3 mozg\u00e1s\u00e1nak \u00e9s az \u00d6n \u00e1ltal haszn\u00e1lt funkci\u00f3knak a nyomon k\u00f6vet\u00e9se r\u00e9v\u00e9n.<\/li>\n<li>\u2022 a hirdet\u00e9sek megtekint\u00e9s\u00e9vel kapcsolatos inform\u00e1ci\u00f3k megismer\u00e9se, hogy ne jelen\u00edts\u00fcnk meg \u00d6nnek olyan term\u00e9kre vonatkoz\u00f3 hirdet\u00e9st, amely nem \u00e9rdekli \u00d6nt.<\/li>\n<\/ul>\n<p>Egyes s\u00fctik olyan inform\u00e1ci\u00f3kat gy\u0171jthetnek, amelyeket k\u00e9s\u0151bb harmadik felek haszn\u00e1lnak fel, \u00e9s amelyek p\u00e9ld\u00e1ul k\u00f6zvetlen\u00fcl t\u00e1mogatj\u00e1k rekl\u00e1mtev\u00e9kenys\u00e9g\u00fcnket (&#8220;harmadik f\u00e9lt\u0151l sz\u00e1rmaz\u00f3 s\u00fctik&#8221;). P\u00e9ld\u00e1ul az oldalunkon v\u00e1s\u00e1rolt term\u00e9kekre vonatkoz\u00f3 inform\u00e1ci\u00f3kat egy rekl\u00e1m\u00fcgyn\u00f6ks\u00e9g megjelen\u00edtheti az \u00d6n \u00e1ltal megtekintett weboldalakon megjelen\u0151 internetes hirdet\u00e9si bannerek megjelen\u00edt\u00e9s\u00e9vel \u00e9s testre szab\u00e1s\u00e1val \u00f6sszef\u00fcgg\u00e9sben. \u00d6n azonban nem azonos\u00edthat\u00f3 ezen inform\u00e1ci\u00f3k alapj\u00e1n.   <\/p>\n<h2>5.2. S\u00fctik haszn\u00e1lata<\/h2>\n<p>A honlapunkon haszn\u00e1lt s\u00fctik k\u00e9t alapvet\u0151 t\u00edpusba sorolhat\u00f3k. A r\u00f6vid t\u00e1v\u00fa, \u00fan. <\/p>\n<p>A &#8220;munkamenet s\u00fctik&#8221; t\u00f6rl\u0151dnek, amint \u00d6n abbahagyja az oldalunk l\u00e1togat\u00e1s\u00e1t. A hossz\u00fa t\u00e1v\u00fa, \u00fagynevezett &#8220;tart\u00f3s s\u00fctik&#8221; sokkal tov\u00e1bb maradnak az \u00d6n eszk\u00f6z\u00e9n, vagy am\u00edg \u00d6n manu\u00e1lisan nem t\u00f6rli \u0151ket (az, hogy a s\u00fctik mennyi ideig maradnak az \u00d6n eszk\u00f6z\u00e9n, mag\u00e1nak a s\u00fctinek a be\u00e1ll\u00edt\u00e1s\u00e1t\u00f3l \u00e9s a b\u00f6ng\u00e9sz\u0151 be\u00e1ll\u00edt\u00e1sait\u00f3l f\u00fcgg).  <\/p>\n<p>A s\u00fctik funkcionalit\u00e1suk szerint is feloszthat\u00f3k:<\/p>\n<ul>\n<li>\u2022 analitika, hogy seg\u00edtsen nek\u00fcnk jav\u00edtani a weboldalunk felhaszn\u00e1l\u00f3i \u00e9lm\u00e9ny\u00e9t az\u00e1ltal, hogy meg\u00e9rtj\u00fck, hogyan haszn\u00e1lj\u00e1k azt a felhaszn\u00e1l\u00f3k<\/li>\n<li>\u2022 konverzi\u00f3k, amelyek lehet\u0151v\u00e9 teszik sz\u00e1munkra a k\u00fcl\u00f6nb\u00f6z\u0151 \u00e9rt\u00e9kes\u00edt\u00e9si csatorn\u00e1k teljes\u00edtm\u00e9ny\u00e9nek elemz\u00e9s\u00e9t.<\/li>\n<li>\u2022 nyomon k\u00f6vet\u00e9s, amely a konverzi\u00f3val egy\u00fctt seg\u00edt elemezni a k\u00fcl\u00f6nb\u00f6z\u0151 \u00e9rt\u00e9kes\u00edt\u00e9si csatorn\u00e1k teljes\u00edtm\u00e9ny\u00e9t.<\/li>\n<li>\u2022 remarketing, amelyet a hirdet\u00e9sek tartalm\u00e1nak szem\u00e9lyre szab\u00e1s\u00e1hoz \u00e9s megfelel\u0151 c\u00e9lz\u00e1s\u00e1hoz haszn\u00e1lunk.<\/li>\n<li>\u2022 alapvet\u0151, a webhely alapvet\u0151 m\u0171k\u00f6d\u00e9s\u00e9hez fontos elemek<\/li>\n<\/ul>\n<p><strong>5.3. Analitikai s\u00fctik<\/strong><\/p>\n<ol>\n<li>\u2022 A <strong>Google Analytics a Google<\/strong>, Inc. (&#8220;Google&#8221;) \u00e1ltal ny\u00fajtott szolg\u00e1ltat\u00e1s. A Google Analytics s\u00fctiket haszn\u00e1l. A Google Analytics a Google \u00e1ltal biztos\u00edtott kapcsol\u00f3d\u00f3 hirdet\u00e9si funkci\u00f3kkal eg\u00e9sz\u00fcl ki, nevezetesen:<\/li>\n<\/ol>\n<p>\u2022 jelent\u00e9sek a Google hirdet\u00e9si h\u00e1l\u00f3zat\u00e1ban t\u00f6rt\u00e9n\u0151 megjelen\u00e9sekr\u0151l<\/p>\n<ul>\n<li>jelent\u00e9sek a Google hirdet\u00e9si h\u00e1l\u00f3zaton t\u00f6rt\u00e9nt megjelen\u00edt\u00e9sekr\u0151l<\/li>\n<li>\u2022 remarketing (hirdet\u00e9sek megjelen\u00edt\u00e9se a tartalomh\u00e1l\u00f3zatban a l\u00e1tott term\u00e9kek alapj\u00e1n)<\/li>\n<li>\u2022 kib\u0151v\u00edtett demogr\u00e1fiai jelent\u00e9sek (anonim demogr\u00e1fiai adatok jelent\u00e9se)<\/li>\n<\/ul>\n<p>Az adatv\u00e9delemmel kapcsolatos tov\u00e1bbi inform\u00e1ci\u00f3k\u00e9rt k\u00e9rj\u00fck, l\u00e1togasson el a https:\/\/support.google.com oldalra, a s\u00fctik elutas\u00edt\u00e1s\u00e1hoz telep\u00edthet egy itt el\u00e9rhet\u0151 szoftver-kieg\u00e9sz\u00edt\u0151t: https:\/\/tools.google.com .<\/p>\n<ol start=\"2\">\n<li>\u2022 A <strong>Smartlook<\/strong> szolg\u00e1ltat\u00e1st a smartsupp.com s.r.o. (a tov\u00e1bbiakban: &#8220;smartlook&#8221;) ny\u00fajtja.<br>Seg\u00edt a weboldal siker\u00e9nek m\u00e9r\u00e9s\u00e9ben \u00e9s \u00e9rt\u00e9kel\u00e9s\u00e9ben <br>Ez a szolg\u00e1ltat\u00e1s cookie-kat haszn\u00e1l, hogy jobban felismerje l\u00e1togat\u00f3ink ig\u00e9nyeit \u00e9s jav\u00edtsa szolg\u00e1ltat\u00e1sunk min\u0151s\u00e9g\u00e9t. Ha nem szeretn\u00e9, hogy a Smartlook r\u00f6gz\u00edtse, k\u00e9rj\u00fck, kattintson <a href=\"https:\/\/www.smartlook.com\/cs\/opt-out\/\">ide<\/a>, hogy kikapcsolja a k\u00e9perny\u0151j\u00e9nek r\u00f6gz\u00edt\u00e9s\u00e9t.  A Smartlook adatv\u00e9delmi ir\u00e1nyelvei ezen a weboldalon tal\u00e1lhat\u00f3k: https:\/\/www.smartlook.com\/cs\/help\/prohlaseni-o-ochrane-osobnich-udaju\/.<\/li>\n<\/ol>\n<h2>5.3. A s\u00fctik elutas\u00edt\u00e1sa<\/h2>\n<p>A s\u00fctik haszn\u00e1lat\u00e1nak be\u00e1ll\u00edt\u00e1sa az \u00d6n internetb\u00f6ng\u00e9sz\u0151j\u00e9nek r\u00e9sze. A legt\u00f6bb b\u00f6ng\u00e9sz\u0151 alap\u00e9rtelmez\u00e9s szerint automatikusan elfogadja a s\u00fctiket. \u00d6n elutas\u00edthatja a s\u00fctiket, vagy a b\u00f6ng\u00e9sz\u0151je seg\u00edts\u00e9g\u00e9vel kiv\u00e1lasztott t\u00edpusokra korl\u00e1tozhatja \u0151ket.  <\/p>\n<p><strong>5.4. Linkek <\/strong><\/p>\n<p>Weboldalunk m\u00e1s weboldalakra mutat\u00f3 linkeket tartalmaz, amelyek praktikusak \u00e9s inform\u00e1ci\u00f3kat tartalmaznak. Felh\u00edvjuk figyelm\u00e9t, hogy ezek a webhelyek m\u00e1s v\u00e1llalatok \u00e9s szervezetek tulajdon\u00e1ban \u00e9s \u00fczemeltet\u00e9s\u00e9ben lehetnek, \u00e9s elt\u00e9r\u0151 biztons\u00e1gi \u00e9s adatv\u00e9delmi ir\u00e1nyelvekkel rendelkeznek. C\u00e9g\u00fcnk nem ellen\u0151rzi \u00e9s nem v\u00e1llal felel\u0151ss\u00e9get a weboldalon tal\u00e1lhat\u00f3 vagy azon kereszt\u00fcl el\u00e9rhet\u0151 inform\u00e1ci\u00f3k, anyagok, term\u00e9kek vagy szolg\u00e1ltat\u00e1sok tekintet\u00e9ben.  <\/p>\n<h1>6. Kapcsolatfelv\u00e9tel<\/h1>\n<p>Ha b\u00e1rmilyen k\u00e9rd\u00e9se, \u00e9szrev\u00e9tele vagy k\u00e9r\u00e9se van a jelen Szab\u00e1lyzattal kapcsolatban, k\u00e9rj\u00fck, l\u00e9pjen kapcsolatba vel\u00fcnk a jelen Szab\u00e1lyzat alj\u00e1n tal\u00e1lhat\u00f3 c\u00edmen vagy \u00fcgyf\u00e9lszolg\u00e1lati vonalon, illetve e-mailben.<\/p>\n<p>Felel\u0151s szem\u00e9ly: info@thekallidesign.com<\/p>\n<p>Kapcsolat KALLI s.r.o. Senn\u00fd trh 3116\/7 945 01 Kom\u00e1rno<\/p>\n<p>\u00dcgyf\u00e9lszolg\u00e1lat: info@thekallidesign.com<\/p>\n<h1>7. Hat\u00e9konys\u00e1g<\/h1>\n<p>Ez az adatv\u00e9delmi szab\u00e1lyzat 1.4.2023-t\u00f3l hat\u00e1lyos.<\/p>\n\n\t\t<\/div>\n\t\t\t\t\t<\/div>\n\n\t\n\n<\/div>\n\n","protected":false},"excerpt":{"rendered":"","protected":false},"author":1,"featured_media":0,"parent":2155,"menu_order":0,"comment_status":"closed","ping_status":"closed","template":"","meta":{"_monsterinsights_skip_tracking":false,"_monsterinsights_sitenote_active":false,"_monsterinsights_sitenote_note":"","_monsterinsights_sitenote_category":0},"yoast_head":"<!-- This site is optimized with the Yoast SEO plugin v20.9 - https:\/\/yoast.com\/wordpress\/plugins\/seo\/ -->\n<title>Adatkezel\u00e9si t\u00e1j\u00e9koztat\u00f3 - Kalli<\/title>\n<meta name=\"robots\" content=\"index, follow, max-snippet:-1, max-image-preview:large, max-video-preview:-1\" \/>\n<link rel=\"canonical\" href=\"https:\/\/www.thekallidesign.com\/hu\/dokumentumok\/adatkezelesi-tajekoztato\/\" \/>\n<meta property=\"og:locale\" content=\"hu_HU\" \/>\n<meta property=\"og:type\" content=\"article\" \/>\n<meta property=\"og:title\" content=\"Adatkezel\u00e9si t\u00e1j\u00e9koztat\u00f3 - Kalli\" \/>\n<meta property=\"og:url\" content=\"https:\/\/www.thekallidesign.com\/hu\/dokumentumok\/adatkezelesi-tajekoztato\/\" \/>\n<meta property=\"og:site_name\" content=\"Kalli\" \/>\n<meta property=\"article:publisher\" content=\"https:\/\/www.facebook.com\/thekallidesign\/\" \/>\n<meta property=\"article:modified_time\" content=\"2023-06-23T05:22:22+00:00\" \/>\n<meta name=\"twitter:card\" content=\"summary_large_image\" \/>\n<meta name=\"twitter:label1\" content=\"Becs\u00fclt olvas\u00e1si id\u0151\" \/>\n\t<meta name=\"twitter:data1\" content=\"17 perc\" \/>\n<script type=\"application\/ld+json\" class=\"yoast-schema-graph\">{\"@context\":\"https:\/\/schema.org\",\"@graph\":[{\"@type\":\"WebPage\",\"@id\":\"https:\/\/www.thekallidesign.com\/hu\/dokumentumok\/adatkezelesi-tajekoztato\/\",\"url\":\"https:\/\/www.thekallidesign.com\/hu\/dokumentumok\/adatkezelesi-tajekoztato\/\",\"name\":\"Adatkezel\u00e9si t\u00e1j\u00e9koztat\u00f3 - Kalli\",\"isPartOf\":{\"@id\":\"https:\/\/www.thekallidesign.com\/hu\/#website\"},\"datePublished\":\"2018-04-22T07:48:47+00:00\",\"dateModified\":\"2023-06-23T05:22:22+00:00\",\"breadcrumb\":{\"@id\":\"https:\/\/www.thekallidesign.com\/hu\/dokumentumok\/adatkezelesi-tajekoztato\/#breadcrumb\"},\"inLanguage\":\"hu\",\"potentialAction\":[{\"@type\":\"ReadAction\",\"target\":[\"https:\/\/www.thekallidesign.com\/hu\/dokumentumok\/adatkezelesi-tajekoztato\/\"]}]},{\"@type\":\"BreadcrumbList\",\"@id\":\"https:\/\/www.thekallidesign.com\/hu\/dokumentumok\/adatkezelesi-tajekoztato\/#breadcrumb\",\"itemListElement\":[{\"@type\":\"ListItem\",\"position\":1,\"name\":\"Home\",\"item\":\"https:\/\/www.thekallidesign.com\/hu\/\"},{\"@type\":\"ListItem\",\"position\":2,\"name\":\"Dokumentumok\",\"item\":\"https:\/\/www.thekallidesign.com\/hu\/dokumentumok\/\"},{\"@type\":\"ListItem\",\"position\":3,\"name\":\"Adatkezel\u00e9si t\u00e1j\u00e9koztat\u00f3\"}]},{\"@type\":\"WebSite\",\"@id\":\"https:\/\/www.thekallidesign.com\/hu\/#website\",\"url\":\"https:\/\/www.thekallidesign.com\/hu\/\",\"name\":\"The kalli Design\",\"description\":\"\",\"potentialAction\":[{\"@type\":\"SearchAction\",\"target\":{\"@type\":\"EntryPoint\",\"urlTemplate\":\"https:\/\/www.thekallidesign.com\/hu\/?s={search_term_string}\"},\"query-input\":\"required name=search_term_string\"}],\"inLanguage\":\"hu\"}]}<\/script>\n<!-- \/ Yoast SEO plugin. -->","yoast_head_json":{"title":"Adatkezel\u00e9si t\u00e1j\u00e9koztat\u00f3 - Kalli","robots":{"index":"index","follow":"follow","max-snippet":"max-snippet:-1","max-image-preview":"max-image-preview:large","max-video-preview":"max-video-preview:-1"},"canonical":"https:\/\/www.thekallidesign.com\/hu\/dokumentumok\/adatkezelesi-tajekoztato\/","og_locale":"hu_HU","og_type":"article","og_title":"Adatkezel\u00e9si t\u00e1j\u00e9koztat\u00f3 - Kalli","og_url":"https:\/\/www.thekallidesign.com\/hu\/dokumentumok\/adatkezelesi-tajekoztato\/","og_site_name":"Kalli","article_publisher":"https:\/\/www.facebook.com\/thekallidesign\/","article_modified_time":"2023-06-23T05:22:22+00:00","twitter_card":"summary_large_image","twitter_misc":{"Becs\u00fclt olvas\u00e1si id\u0151":"17 perc"},"schema":{"@context":"https:\/\/schema.org","@graph":[{"@type":"WebPage","@id":"https:\/\/www.thekallidesign.com\/hu\/dokumentumok\/adatkezelesi-tajekoztato\/","url":"https:\/\/www.thekallidesign.com\/hu\/dokumentumok\/adatkezelesi-tajekoztato\/","name":"Adatkezel\u00e9si t\u00e1j\u00e9koztat\u00f3 - Kalli","isPartOf":{"@id":"https:\/\/www.thekallidesign.com\/hu\/#website"},"datePublished":"2018-04-22T07:48:47+00:00","dateModified":"2023-06-23T05:22:22+00:00","breadcrumb":{"@id":"https:\/\/www.thekallidesign.com\/hu\/dokumentumok\/adatkezelesi-tajekoztato\/#breadcrumb"},"inLanguage":"hu","potentialAction":[{"@type":"ReadAction","target":["https:\/\/www.thekallidesign.com\/hu\/dokumentumok\/adatkezelesi-tajekoztato\/"]}]},{"@type":"BreadcrumbList","@id":"https:\/\/www.thekallidesign.com\/hu\/dokumentumok\/adatkezelesi-tajekoztato\/#breadcrumb","itemListElement":[{"@type":"ListItem","position":1,"name":"Home","item":"https:\/\/www.thekallidesign.com\/hu\/"},{"@type":"ListItem","position":2,"name":"Dokumentumok","item":"https:\/\/www.thekallidesign.com\/hu\/dokumentumok\/"},{"@type":"ListItem","position":3,"name":"Adatkezel\u00e9si t\u00e1j\u00e9koztat\u00f3"}]},{"@type":"WebSite","@id":"https:\/\/www.thekallidesign.com\/hu\/#website","url":"https:\/\/www.thekallidesign.com\/hu\/","name":"The kalli Design","description":"","potentialAction":[{"@type":"SearchAction","target":{"@type":"EntryPoint","urlTemplate":"https:\/\/www.thekallidesign.com\/hu\/?s={search_term_string}"},"query-input":"required name=search_term_string"}],"inLanguage":"hu"}]}},"_links":{"self":[{"href":"https:\/\/www.thekallidesign.com\/hu\/wp-json\/wp\/v2\/pages\/2165"}],"collection":[{"href":"https:\/\/www.thekallidesign.com\/hu\/wp-json\/wp\/v2\/pages"}],"about":[{"href":"https:\/\/www.thekallidesign.com\/hu\/wp-json\/wp\/v2\/types\/page"}],"author":[{"embeddable":true,"href":"https:\/\/www.thekallidesign.com\/hu\/wp-json\/wp\/v2\/users\/1"}],"replies":[{"embeddable":true,"href":"https:\/\/www.thekallidesign.com\/hu\/wp-json\/wp\/v2\/comments?post=2165"}],"version-history":[{"count":0,"href":"https:\/\/www.thekallidesign.com\/hu\/wp-json\/wp\/v2\/pages\/2165\/revisions"}],"up":[{"embeddable":true,"href":"https:\/\/www.thekallidesign.com\/hu\/wp-json\/wp\/v2\/pages\/2155"}],"wp:attachment":[{"href":"https:\/\/www.thekallidesign.com\/hu\/wp-json\/wp\/v2\/media?parent=2165"}],"curies":[{"name":"wp","href":"https:\/\/api.w.org\/{rel}","templated":true}]}}