{"id":2831,"date":"2023-09-05T11:30:43","date_gmt":"2023-09-05T09:30:43","guid":{"rendered":"https:\/\/www.thekallidesign.com\/produkt\/akva-aura-kvarc\/"},"modified":"2023-09-05T11:30:43","modified_gmt":"2023-09-05T09:30:43","slug":"akva-aura-kvarc","status":"publish","type":"product","link":"https:\/\/www.thekallidesign.com\/hu\/termek\/akva-aura-kvarc\/","title":{"rendered":"Akva aura kvarc"},"content":{"rendered":"<p><strong>Akva aura kvarc felt\u00e9telezett hat\u00e1sa :<\/strong> megszabad\u00edt a korl\u00e1toz\u00e1sokt\u00f3l, \u00e9s helyet teremt valami \u00faj sz\u00e1m\u00e1ra. Ez a krist\u00e1ly gy\u00f3gy\u00edtja, tiszt\u00edtja \u00e9s nyugtatja az aur\u00e1t, eloszlatja bel\u0151le a stresszt. \u00c9l\u00e9nk\u00edti a csakr\u00e1kat, k\u00fcl\u00f6n\u00f6sen a torokn\u00e1l l\u00e9v\u0151t, ahol er\u0151s\u00edti a sz\u00edvb\u0151l j\u00f6v\u0151 kommunik\u00e1ci\u00f3t.  <\/p>\n","protected":false},"excerpt":{"rendered":"<p>Akva aura kvarc felt\u00e9telezett hat\u00e1sa : megszabad\u00edt a korl\u00e1toz\u00e1sokt\u00f3l, \u00e9s helyet teremt valami \u00faj sz\u00e1m\u00e1ra. Ez a krist\u00e1ly gy\u00f3gy\u00edtja, tiszt\u00edtja \u00e9s nyugtatja az aur\u00e1t, eloszlatja bel\u0151le a stresszt. \u00c9l\u00e9nk\u00edti a csakr\u00e1kat, k\u00fcl\u00f6n\u00f6sen a torokn\u00e1l l\u00e9v\u0151t, ahol er\u0151s\u00edti a sz\u00edvb\u0151l j\u00f6v\u0151 kommunik\u00e1ci\u00f3t.<\/p>\n","protected":false},"featured_media":2807,"comment_status":"open","ping_status":"closed","template":"","meta":{"_monsterinsights_skip_tracking":false,"_monsterinsights_sitenote_active":false,"_monsterinsights_sitenote_note":"","_monsterinsights_sitenote_category":0},"product_cat":[63],"product_tag":[],"yoast_head":"<!-- This site is optimized with the Yoast SEO plugin v20.9 - https:\/\/yoast.com\/wordpress\/plugins\/seo\/ -->\n<title>Akva aura kvarc - Kalli<\/title>\n<meta name=\"robots\" content=\"index, follow, max-snippet:-1, max-image-preview:large, max-video-preview:-1\" \/>\n<link rel=\"canonical\" href=\"https:\/\/www.thekallidesign.com\/hu\/termek\/akva-aura-kvarc\/\" \/>\n<meta property=\"og:locale\" content=\"hu_HU\" \/>\n<meta property=\"og:type\" content=\"article\" \/>\n<meta property=\"og:title\" content=\"Akva aura kvarc - Kalli\" \/>\n<meta property=\"og:description\" content=\"Akva aura kvarc felt\u00e9telezett hat\u00e1sa : megszabad\u00edt a korl\u00e1toz\u00e1sokt\u00f3l, \u00e9s helyet teremt valami \u00faj sz\u00e1m\u00e1ra. Ez a krist\u00e1ly gy\u00f3gy\u00edtja, tiszt\u00edtja \u00e9s nyugtatja az aur\u00e1t, eloszlatja bel\u0151le a stresszt. \u00c9l\u00e9nk\u00edti a csakr\u00e1kat, k\u00fcl\u00f6n\u00f6sen a torokn\u00e1l l\u00e9v\u0151t, ahol er\u0151s\u00edti a sz\u00edvb\u0151l j\u00f6v\u0151 kommunik\u00e1ci\u00f3t.\" \/>\n<meta property=\"og:url\" content=\"https:\/\/www.thekallidesign.com\/hu\/termek\/akva-aura-kvarc\/\" \/>\n<meta property=\"og:site_name\" content=\"Kalli\" \/>\n<meta property=\"article:publisher\" content=\"https:\/\/www.facebook.com\/thekallidesign\/\" \/>\n<meta property=\"og:image\" content=\"https:\/\/www.thekallidesign.com\/wp-content\/uploads\/Polish_20230904_152456118.jpeg\" \/>\n\t<meta property=\"og:image:width\" content=\"4096\" \/>\n\t<meta property=\"og:image:height\" content=\"4096\" \/>\n\t<meta property=\"og:image:type\" content=\"image\/jpeg\" \/>\n<meta name=\"twitter:card\" content=\"summary_large_image\" \/>\n<script type=\"application\/ld+json\" class=\"yoast-schema-graph\">{\"@context\":\"https:\/\/schema.org\",\"@graph\":[{\"@type\":\"WebPage\",\"@id\":\"https:\/\/www.thekallidesign.com\/hu\/termek\/akva-aura-kvarc\/\",\"url\":\"https:\/\/www.thekallidesign.com\/hu\/termek\/akva-aura-kvarc\/\",\"name\":\"Akva aura kvarc - Kalli\",\"isPartOf\":{\"@id\":\"https:\/\/www.thekallidesign.com\/hu\/#website\"},\"datePublished\":\"2023-09-05T09:30:43+00:00\",\"dateModified\":\"2023-09-05T09:30:43+00:00\",\"breadcrumb\":{\"@id\":\"https:\/\/www.thekallidesign.com\/hu\/termek\/akva-aura-kvarc\/#breadcrumb\"},\"inLanguage\":\"hu\",\"potentialAction\":[{\"@type\":\"ReadAction\",\"target\":[\"https:\/\/www.thekallidesign.com\/hu\/termek\/akva-aura-kvarc\/\"]}]},{\"@type\":\"BreadcrumbList\",\"@id\":\"https:\/\/www.thekallidesign.com\/hu\/termek\/akva-aura-kvarc\/#breadcrumb\",\"itemListElement\":[{\"@type\":\"ListItem\",\"position\":1,\"name\":\"Home\",\"item\":\"https:\/\/www.thekallidesign.com\/hu\/\"},{\"@type\":\"ListItem\",\"position\":2,\"name\":\"\u00dczlet\",\"item\":\"https:\/\/www.thekallidesign.com\/hu\/shop\/\"},{\"@type\":\"ListItem\",\"position\":3,\"name\":\"Akva aura kvarc\"}]},{\"@type\":\"WebSite\",\"@id\":\"https:\/\/www.thekallidesign.com\/hu\/#website\",\"url\":\"https:\/\/www.thekallidesign.com\/hu\/\",\"name\":\"The kalli Design\",\"description\":\"\",\"potentialAction\":[{\"@type\":\"SearchAction\",\"target\":{\"@type\":\"EntryPoint\",\"urlTemplate\":\"https:\/\/www.thekallidesign.com\/hu\/?s={search_term_string}\"},\"query-input\":\"required name=search_term_string\"}],\"inLanguage\":\"hu\"}]}<\/script>\n<!-- \/ Yoast SEO plugin. -->","yoast_head_json":{"title":"Akva aura kvarc - Kalli","robots":{"index":"index","follow":"follow","max-snippet":"max-snippet:-1","max-image-preview":"max-image-preview:large","max-video-preview":"max-video-preview:-1"},"canonical":"https:\/\/www.thekallidesign.com\/hu\/termek\/akva-aura-kvarc\/","og_locale":"hu_HU","og_type":"article","og_title":"Akva aura kvarc - Kalli","og_description":"Akva aura kvarc felt\u00e9telezett hat\u00e1sa : megszabad\u00edt a korl\u00e1toz\u00e1sokt\u00f3l, \u00e9s helyet teremt valami \u00faj sz\u00e1m\u00e1ra. Ez a krist\u00e1ly gy\u00f3gy\u00edtja, tiszt\u00edtja \u00e9s nyugtatja az aur\u00e1t, eloszlatja bel\u0151le a stresszt. \u00c9l\u00e9nk\u00edti a csakr\u00e1kat, k\u00fcl\u00f6n\u00f6sen a torokn\u00e1l l\u00e9v\u0151t, ahol er\u0151s\u00edti a sz\u00edvb\u0151l j\u00f6v\u0151 kommunik\u00e1ci\u00f3t.","og_url":"https:\/\/www.thekallidesign.com\/hu\/termek\/akva-aura-kvarc\/","og_site_name":"Kalli","article_publisher":"https:\/\/www.facebook.com\/thekallidesign\/","og_image":[{"width":4096,"height":4096,"url":"https:\/\/www.thekallidesign.com\/wp-content\/uploads\/Polish_20230904_152456118.jpeg","type":"image\/jpeg"}],"twitter_card":"summary_large_image","schema":{"@context":"https:\/\/schema.org","@graph":[{"@type":"WebPage","@id":"https:\/\/www.thekallidesign.com\/hu\/termek\/akva-aura-kvarc\/","url":"https:\/\/www.thekallidesign.com\/hu\/termek\/akva-aura-kvarc\/","name":"Akva aura kvarc - Kalli","isPartOf":{"@id":"https:\/\/www.thekallidesign.com\/hu\/#website"},"datePublished":"2023-09-05T09:30:43+00:00","dateModified":"2023-09-05T09:30:43+00:00","breadcrumb":{"@id":"https:\/\/www.thekallidesign.com\/hu\/termek\/akva-aura-kvarc\/#breadcrumb"},"inLanguage":"hu","potentialAction":[{"@type":"ReadAction","target":["https:\/\/www.thekallidesign.com\/hu\/termek\/akva-aura-kvarc\/"]}]},{"@type":"BreadcrumbList","@id":"https:\/\/www.thekallidesign.com\/hu\/termek\/akva-aura-kvarc\/#breadcrumb","itemListElement":[{"@type":"ListItem","position":1,"name":"Home","item":"https:\/\/www.thekallidesign.com\/hu\/"},{"@type":"ListItem","position":2,"name":"\u00dczlet","item":"https:\/\/www.thekallidesign.com\/hu\/shop\/"},{"@type":"ListItem","position":3,"name":"Akva aura kvarc"}]},{"@type":"WebSite","@id":"https:\/\/www.thekallidesign.com\/hu\/#website","url":"https:\/\/www.thekallidesign.com\/hu\/","name":"The kalli Design","description":"","potentialAction":[{"@type":"SearchAction","target":{"@type":"EntryPoint","urlTemplate":"https:\/\/www.thekallidesign.com\/hu\/?s={search_term_string}"},"query-input":"required name=search_term_string"}],"inLanguage":"hu"}]}},"_links":{"self":[{"href":"https:\/\/www.thekallidesign.com\/hu\/wp-json\/wp\/v2\/product\/2831"}],"collection":[{"href":"https:\/\/www.thekallidesign.com\/hu\/wp-json\/wp\/v2\/product"}],"about":[{"href":"https:\/\/www.thekallidesign.com\/hu\/wp-json\/wp\/v2\/types\/product"}],"replies":[{"embeddable":true,"href":"https:\/\/www.thekallidesign.com\/hu\/wp-json\/wp\/v2\/comments?post=2831"}],"wp:featuredmedia":[{"embeddable":true,"href":"https:\/\/www.thekallidesign.com\/hu\/wp-json\/wp\/v2\/media\/2807"}],"wp:attachment":[{"href":"https:\/\/www.thekallidesign.com\/hu\/wp-json\/wp\/v2\/media?parent=2831"}],"wp:term":[{"taxonomy":"product_cat","embeddable":true,"href":"https:\/\/www.thekallidesign.com\/hu\/wp-json\/wp\/v2\/product_cat?post=2831"},{"taxonomy":"product_tag","embeddable":true,"href":"https:\/\/www.thekallidesign.com\/hu\/wp-json\/wp\/v2\/product_tag?post=2831"}],"curies":[{"name":"wp","href":"https:\/\/api.w.org\/{rel}","templated":true}]}}