{"id":3887,"date":"2024-01-16T14:03:22","date_gmt":"2024-01-16T13:03:22","guid":{"rendered":"https:\/\/www.thekallidesign.com\/produkt\/lavako-hematit-holdko-angelit-hegyikristaly-ametiszt-amazonit\/"},"modified":"2024-01-16T17:28:08","modified_gmt":"2024-01-16T16:28:08","slug":"lavovy-kamen-hematit-mesacny-kamen-angelit-kristal-praskany-ametyst-amazonit","status":"publish","type":"product","link":"https:\/\/www.thekallidesign.com\/hu\/termek\/lavovy-kamen-hematit-mesacny-kamen-angelit-kristal-praskany-ametyst-amazonit\/","title":{"rendered":"L\u00c1VAK\u0150, hematit, HOLDK\u0150, Angelit, hegyikrist\u00e1ly, ametiszt, amazonit"},"content":{"rendered":"<p><strong>L\u00e1vak\u0151 felt\u00e9telezett hat\u00e1sa :<\/strong> m\u00e9regtelen\u00edt\u0151, sejt-v\u00edzut\u00e1np\u00f3tl\u00e1s, er\u0151s\u00edti az izmokat, k\u00f6t\u0151sz\u00f6vet regener\u00e1l\u00f3d\u00e1s, v\u00e9rkering\u00e9s, idegrendszer, idegsejt<\/p>\n<p><strong>Hematit felt\u00e9telezett hat\u00e1sa :<\/strong> v\u00e9rk\u00e9pz\u0151d\u00e9s, betegs\u00e9g ut\u00e1ni fel\u00e9p\u00fcl\u00e9s, sejt k\u00e9pz\u0151d\u00e9s, v\u00e9rnyom\u00e1s stabiliz\u00e1l\u00e1sa, agyi funkci\u00f3k, vasfelv\u00e9tel, oxig\u00e9nell\u00e1t\u00e1s<\/p>\n<p><strong>Holdk\u0151 felt\u00e9telezett hat\u00e1sa :<\/strong> depresszi\u00f3, v\u00e1ltoz\u00f3kor, nyugtat\u00f3, gyomor probl\u00e9m\u00e1k, sebgy\u00f3gy\u00edt\u00f3, nyirokkering\u00e9s, hormonh\u00e1ztart\u00e1s, menstru\u00e1ci\u00f3s panaszok, b\u0151r, tobozmirigy, term\u00e9kenys\u00e9g<\/p>\n<div class=\"woocommerce-tabs wc-tabs-wrapper container tabbed-content\">\n<div class=\"tab-panels\">\n<div id=\"tab-description\" class=\"woocommerce-Tabs-panel woocommerce-Tabs-panel--description panel entry-content active\" role=\"tabpanel\" aria-labelledby=\"tab-title-description\">\n<p><strong>Angelit felt\u00e9telezett hat\u00e1sa :<\/strong> depresszi\u00f3, torok, pajzsmirigy, v\u00edzh\u00e1ztart\u00e1s, gyomorfek\u00e9ly, fogy\u00e1s, angyali kapcsolat, kommunik\u00e1ci\u00f3<\/p>\n<p><strong>Hegyikrist\u00e1ly felt\u00e9telezett hat\u00e1sa :<\/strong> sejtregener\u00e1l\u00f3, v\u00e9d\u0151, immuner\u0151s\u00edt\u0151, agyi funkci\u00f3k, depresszi\u00f3, idegrendszer, m\u00e9regtelen\u00edt\u0151, anyagcsere, hormonh\u00e1ztart\u00e1s, v\u00e9rcukor, energia<\/p>\n<div class=\"woocommerce-tabs wc-tabs-wrapper container tabbed-content\">\n<div class=\"tab-panels\">\n<div id=\"tab-description\" class=\"woocommerce-Tabs-panel woocommerce-Tabs-panel--description panel entry-content active\" role=\"tabpanel\" aria-labelledby=\"tab-title-description\">\n<p><strong>Ametiszt felt\u00e9telezett hat\u00e1sa :<\/strong> koncentr\u00e1ci\u00f3, v\u00e9rtiszt\u00edt\u00f3, v\u00e9rnyom\u00e1s stabiliz\u00e1l\u00e1s, \u00e9rrendszeri probl\u00e9m\u00e1k, f\u00e1jdalomcsillap\u00edt\u00f3, stresszold\u00f3, \u00edz\u00fcleti gyullad\u00e1s, ekc\u00e1ma, aura v\u00e9d\u0151, spiritualit\u00e1s fejleszt\u00e9se<\/p>\n<p><strong>Amazonit felt\u00e9telezett hat\u00e1sai:<\/strong> lelkier\u0151, depresszi\u00f3, pajzsmirigy, m\u00e1j, csontritkul\u00e1s, menstru\u00e1ci\u00f3s panaszok, elektrom\u00e1gneses szennyez\u0151d\u00e9s<\/p>\n<\/div>\n<div id=\"tab-reviews\" class=\"woocommerce-Tabs-panel woocommerce-Tabs-panel--reviews panel entry-content \" role=\"tabpanel\" aria-labelledby=\"tab-title-reviews\">\n<div id=\"reviews\" class=\"woocommerce-Reviews row\">\n<div id=\"comments\" class=\"col large-12\">\n<h3 class=\"woocommerce-Reviews-title normal\"><\/h3>\n<p class=\"woocommerce-noreviews\">\n<\/div>\n<div id=\"review_form_wrapper\" class=\"large-12 col\">\n<div id=\"review_form\" class=\"col-inner\">\n<div class=\"review-form-inner has-border\">\n<p class=\"woocommerce-verification-required\">\n<\/div>\n<\/div>\n<\/div>\n<\/div>\n<\/div>\n<\/div>\n<\/div>\n<div class=\"related related-products-wrapper product-section\"><\/div>\n<\/div>\n<\/div>\n<\/div>\n<p>&nbsp;<\/p>\n","protected":false},"excerpt":{"rendered":"<div class=\"product-short-description\">\n<p><strong>Gy\u00f6ngyszem:<\/strong> 8mm\u00d8<\/p>\n<\/div>\n<div class=\"ywdpd-table-discounts-wrapper\"><\/div>\n<div class=\"ywdpd-notices-wrapper\"><\/div>\n","protected":false},"featured_media":3737,"comment_status":"open","ping_status":"closed","template":"","meta":{"_monsterinsights_skip_tracking":false,"_monsterinsights_sitenote_active":false,"_monsterinsights_sitenote_note":"","_monsterinsights_sitenote_category":0},"product_cat":[63],"product_tag":[],"yoast_head":"<!-- This site is optimized with the Yoast SEO plugin v20.9 - https:\/\/yoast.com\/wordpress\/plugins\/seo\/ -->\n<title>L\u00c1VAK\u0150, hematit, HOLDK\u0150, Angelit, hegyikrist\u00e1ly, ametiszt, amazonit - Kalli<\/title>\n<meta name=\"description\" content=\"A l\u00e1vak\u0151 felt\u00e9telezett hat\u00e1sa: m\u00e9regtelen\u00edt\u00e9s, sejtv\u00edz p\u00f3tl\u00e1sa, izomer\u0151s\u00edt\u00e9s, k\u00f6t\u0151sz\u00f6vet regener\u00e1ci\u00f3, v\u00e9rkering\u00e9s, idegrendszer, idegsejt A hematit felt\u00e9telezett hat\u00e1sa: v\u00e9rk\u00e9pz\u00e9s, betegs\u00e9g ut\u00e1ni l\u00e1badoz\u00e1s, sejtk\u00e9pz\u0151d\u00e9s, v\u00e9rnyom\u00e1s stabiliz\u00e1l\u00e1s, agym\u0171k\u00f6d\u00e9s, vas felsz\u00edv\u00f3d\u00e1s, oxig\u00e9nell\u00e1t\u00e1s A holdk\u0151 felt\u00e9telezett hat\u00e1sa: depresszi\u00f3, menopauza, nyugtat\u00f3, gyomorpanaszok, sebgy\u00f3gyul\u00e1s, nyirokkering\u00e9s, hormonh\u00e1ztart\u00e1s, menstru\u00e1ci\u00f3s probl\u00e9m\u00e1k, b\u0151r, tobozmirigy, term\u00e9kenys\u00e9g Angelite v\u00e1rhat\u00f3 hat\u00e1sa: depresszi\u00f3, torok, pajzsmirigy, v\u00edz egyens\u00faly, gyomorfek\u00e9ly, fogy\u00e1s, angyalkapcsolat , kommunik\u00e1ci\u00f3 A hegyikrist\u00e1ly felt\u00e9telezett hat\u00e1sa: sejtregener\u00e1l\u00f3, v\u00e9d\u0151, immuner\u0151s\u00edt\u0151, agym\u0171k\u00f6d\u00e9s, depresszi\u00f3, idegrendszer, m\u00e9regtelen\u00edt\u00e9s, anyagcsere, hormon\u00e1lis egyens\u00faly, v\u00e9rcukorszint, energia Az ametiszt felt\u00e9telezett hat\u00e1sai : koncentr\u00e1ci\u00f3, v\u00e9rtiszt\u00edt\u00f3, v\u00e9rnyom\u00e1s stabiliz\u00e1l\u00e1s, \u00e9rrendszeri probl\u00e9m\u00e1k, f\u00e1jdalom, stressz, \u00edz\u00fcleti gyullad\u00e1s, ekc\u00e9ma, aura v\u00e9delme, spiritualit\u00e1s fejleszt\u00e9se Az amazonit felt\u00e9telezett hat\u00e1sai: ment\u00e1lis er\u0151, depresszi\u00f3, pajzsmirigy, m\u00e1j, csontritkul\u00e1s, menstru\u00e1ci\u00f3s probl\u00e9m\u00e1k, elektrom\u00e1gneses szennyez\u00e9s\" \/>\n<meta name=\"robots\" content=\"index, follow, max-snippet:-1, max-image-preview:large, max-video-preview:-1\" \/>\n<link rel=\"canonical\" href=\"https:\/\/www.thekallidesign.com\/hu\/termek\/lavovy-kamen-hematit-mesacny-kamen-angelit-kristal-praskany-ametyst-amazonit\/\" \/>\n<meta property=\"og:locale\" content=\"hu_HU\" \/>\n<meta property=\"og:type\" content=\"article\" \/>\n<meta property=\"og:title\" content=\"L\u00c1VAK\u0150, hematit, HOLDK\u0150, Angelit, hegyikrist\u00e1ly, ametiszt, amazonit - Kalli\" \/>\n<meta property=\"og:description\" content=\"A l\u00e1vak\u0151 felt\u00e9telezett hat\u00e1sa: m\u00e9regtelen\u00edt\u00e9s, sejtv\u00edz p\u00f3tl\u00e1sa, izomer\u0151s\u00edt\u00e9s, k\u00f6t\u0151sz\u00f6vet regener\u00e1ci\u00f3, v\u00e9rkering\u00e9s, idegrendszer, idegsejt A hematit felt\u00e9telezett hat\u00e1sa: v\u00e9rk\u00e9pz\u00e9s, betegs\u00e9g ut\u00e1ni l\u00e1badoz\u00e1s, sejtk\u00e9pz\u0151d\u00e9s, v\u00e9rnyom\u00e1s stabiliz\u00e1l\u00e1s, agym\u0171k\u00f6d\u00e9s, vas felsz\u00edv\u00f3d\u00e1s, oxig\u00e9nell\u00e1t\u00e1s A holdk\u0151 felt\u00e9telezett hat\u00e1sa: depresszi\u00f3, menopauza, nyugtat\u00f3, gyomorpanaszok, sebgy\u00f3gyul\u00e1s, nyirokkering\u00e9s, hormonh\u00e1ztart\u00e1s, menstru\u00e1ci\u00f3s probl\u00e9m\u00e1k, b\u0151r, tobozmirigy, term\u00e9kenys\u00e9g Angelite v\u00e1rhat\u00f3 hat\u00e1sa: depresszi\u00f3, torok, pajzsmirigy, v\u00edz egyens\u00faly, gyomorfek\u00e9ly, fogy\u00e1s, angyalkapcsolat , kommunik\u00e1ci\u00f3 A hegyikrist\u00e1ly felt\u00e9telezett hat\u00e1sa: sejtregener\u00e1l\u00f3, v\u00e9d\u0151, immuner\u0151s\u00edt\u0151, agym\u0171k\u00f6d\u00e9s, depresszi\u00f3, idegrendszer, m\u00e9regtelen\u00edt\u00e9s, anyagcsere, hormon\u00e1lis egyens\u00faly, v\u00e9rcukorszint, energia Az ametiszt felt\u00e9telezett hat\u00e1sai : koncentr\u00e1ci\u00f3, v\u00e9rtiszt\u00edt\u00f3, v\u00e9rnyom\u00e1s stabiliz\u00e1l\u00e1s, \u00e9rrendszeri probl\u00e9m\u00e1k, f\u00e1jdalom, stressz, \u00edz\u00fcleti gyullad\u00e1s, ekc\u00e9ma, aura v\u00e9delme, spiritualit\u00e1s fejleszt\u00e9se Az amazonit felt\u00e9telezett hat\u00e1sai: ment\u00e1lis er\u0151, depresszi\u00f3, pajzsmirigy, m\u00e1j, csontritkul\u00e1s, menstru\u00e1ci\u00f3s probl\u00e9m\u00e1k, elektrom\u00e1gneses szennyez\u00e9s\" \/>\n<meta property=\"og:url\" content=\"https:\/\/www.thekallidesign.com\/hu\/termek\/lavovy-kamen-hematit-mesacny-kamen-angelit-kristal-praskany-ametyst-amazonit\/\" \/>\n<meta property=\"og:site_name\" content=\"Kalli\" \/>\n<meta property=\"article:publisher\" content=\"https:\/\/www.facebook.com\/thekallidesign\/\" \/>\n<meta property=\"article:modified_time\" content=\"2024-01-16T16:28:08+00:00\" \/>\n<meta property=\"og:image\" content=\"https:\/\/www.thekallidesign.com\/wp-content\/uploads\/3BB9695E-6D8E-48C5-94BB-35B98ADBDB95.jpeg\" \/>\n\t<meta property=\"og:image:width\" content=\"4096\" \/>\n\t<meta property=\"og:image:height\" content=\"4096\" \/>\n\t<meta property=\"og:image:type\" content=\"image\/jpeg\" \/>\n<meta name=\"twitter:card\" content=\"summary_large_image\" \/>\n<meta name=\"twitter:label1\" content=\"Becs\u00fclt olvas\u00e1si id\u0151\" \/>\n\t<meta name=\"twitter:data1\" content=\"1 perc\" \/>\n<script type=\"application\/ld+json\" class=\"yoast-schema-graph\">{\"@context\":\"https:\/\/schema.org\",\"@graph\":[{\"@type\":\"WebPage\",\"@id\":\"https:\/\/www.thekallidesign.com\/hu\/termek\/lavovy-kamen-hematit-mesacny-kamen-angelit-kristal-praskany-ametyst-amazonit\/\",\"url\":\"https:\/\/www.thekallidesign.com\/hu\/termek\/lavovy-kamen-hematit-mesacny-kamen-angelit-kristal-praskany-ametyst-amazonit\/\",\"name\":\"L\u00c1VAK\u0150, hematit, HOLDK\u0150, Angelit, hegyikrist\u00e1ly, ametiszt, amazonit - Kalli\",\"isPartOf\":{\"@id\":\"https:\/\/www.thekallidesign.com\/hu\/#website\"},\"datePublished\":\"2024-01-16T13:03:22+00:00\",\"dateModified\":\"2024-01-16T16:28:08+00:00\",\"description\":\"A l\u00e1vak\u0151 felt\u00e9telezett hat\u00e1sa: m\u00e9regtelen\u00edt\u00e9s, sejtv\u00edz p\u00f3tl\u00e1sa, izomer\u0151s\u00edt\u00e9s, k\u00f6t\u0151sz\u00f6vet regener\u00e1ci\u00f3, v\u00e9rkering\u00e9s, idegrendszer, idegsejt A hematit felt\u00e9telezett hat\u00e1sa: v\u00e9rk\u00e9pz\u00e9s, betegs\u00e9g ut\u00e1ni l\u00e1badoz\u00e1s, sejtk\u00e9pz\u0151d\u00e9s, v\u00e9rnyom\u00e1s stabiliz\u00e1l\u00e1s, agym\u0171k\u00f6d\u00e9s, vas felsz\u00edv\u00f3d\u00e1s, oxig\u00e9nell\u00e1t\u00e1s A holdk\u0151 felt\u00e9telezett hat\u00e1sa: depresszi\u00f3, menopauza, nyugtat\u00f3, gyomorpanaszok, sebgy\u00f3gyul\u00e1s, nyirokkering\u00e9s, hormonh\u00e1ztart\u00e1s, menstru\u00e1ci\u00f3s probl\u00e9m\u00e1k, b\u0151r, tobozmirigy, term\u00e9kenys\u00e9g Angelite v\u00e1rhat\u00f3 hat\u00e1sa: depresszi\u00f3, torok, pajzsmirigy, v\u00edz egyens\u00faly, gyomorfek\u00e9ly, fogy\u00e1s, angyalkapcsolat , kommunik\u00e1ci\u00f3 A hegyikrist\u00e1ly felt\u00e9telezett hat\u00e1sa: sejtregener\u00e1l\u00f3, v\u00e9d\u0151, immuner\u0151s\u00edt\u0151, agym\u0171k\u00f6d\u00e9s, depresszi\u00f3, idegrendszer, m\u00e9regtelen\u00edt\u00e9s, anyagcsere, hormon\u00e1lis egyens\u00faly, v\u00e9rcukorszint, energia Az ametiszt felt\u00e9telezett hat\u00e1sai : koncentr\u00e1ci\u00f3, v\u00e9rtiszt\u00edt\u00f3, v\u00e9rnyom\u00e1s stabiliz\u00e1l\u00e1s, \u00e9rrendszeri probl\u00e9m\u00e1k, f\u00e1jdalom, stressz, \u00edz\u00fcleti gyullad\u00e1s, ekc\u00e9ma, aura v\u00e9delme, spiritualit\u00e1s fejleszt\u00e9se Az amazonit felt\u00e9telezett hat\u00e1sai: ment\u00e1lis er\u0151, depresszi\u00f3, pajzsmirigy, m\u00e1j, csontritkul\u00e1s, menstru\u00e1ci\u00f3s probl\u00e9m\u00e1k, elektrom\u00e1gneses szennyez\u00e9s\",\"breadcrumb\":{\"@id\":\"https:\/\/www.thekallidesign.com\/hu\/termek\/lavovy-kamen-hematit-mesacny-kamen-angelit-kristal-praskany-ametyst-amazonit\/#breadcrumb\"},\"inLanguage\":\"hu\",\"potentialAction\":[{\"@type\":\"ReadAction\",\"target\":[\"https:\/\/www.thekallidesign.com\/hu\/termek\/lavovy-kamen-hematit-mesacny-kamen-angelit-kristal-praskany-ametyst-amazonit\/\"]}]},{\"@type\":\"BreadcrumbList\",\"@id\":\"https:\/\/www.thekallidesign.com\/hu\/termek\/lavovy-kamen-hematit-mesacny-kamen-angelit-kristal-praskany-ametyst-amazonit\/#breadcrumb\",\"itemListElement\":[{\"@type\":\"ListItem\",\"position\":1,\"name\":\"Home\",\"item\":\"https:\/\/www.thekallidesign.com\/hu\/\"},{\"@type\":\"ListItem\",\"position\":2,\"name\":\"\u00dczlet\",\"item\":\"https:\/\/www.thekallidesign.com\/hu\/shop\/\"},{\"@type\":\"ListItem\",\"position\":3,\"name\":\"L\u00c1VAK\u0150, hematit, HOLDK\u0150, Angelit, hegyikrist\u00e1ly, ametiszt, amazonit\"}]},{\"@type\":\"WebSite\",\"@id\":\"https:\/\/www.thekallidesign.com\/hu\/#website\",\"url\":\"https:\/\/www.thekallidesign.com\/hu\/\",\"name\":\"The kalli Design\",\"description\":\"\",\"potentialAction\":[{\"@type\":\"SearchAction\",\"target\":{\"@type\":\"EntryPoint\",\"urlTemplate\":\"https:\/\/www.thekallidesign.com\/hu\/?s={search_term_string}\"},\"query-input\":\"required name=search_term_string\"}],\"inLanguage\":\"hu\"}]}<\/script>\n<!-- \/ Yoast SEO plugin. -->","yoast_head_json":{"title":"L\u00c1VAK\u0150, hematit, HOLDK\u0150, Angelit, hegyikrist\u00e1ly, ametiszt, amazonit - Kalli","description":"A l\u00e1vak\u0151 felt\u00e9telezett hat\u00e1sa: m\u00e9regtelen\u00edt\u00e9s, sejtv\u00edz p\u00f3tl\u00e1sa, izomer\u0151s\u00edt\u00e9s, k\u00f6t\u0151sz\u00f6vet regener\u00e1ci\u00f3, v\u00e9rkering\u00e9s, idegrendszer, idegsejt A hematit felt\u00e9telezett hat\u00e1sa: v\u00e9rk\u00e9pz\u00e9s, betegs\u00e9g ut\u00e1ni l\u00e1badoz\u00e1s, sejtk\u00e9pz\u0151d\u00e9s, v\u00e9rnyom\u00e1s stabiliz\u00e1l\u00e1s, agym\u0171k\u00f6d\u00e9s, vas felsz\u00edv\u00f3d\u00e1s, oxig\u00e9nell\u00e1t\u00e1s A holdk\u0151 felt\u00e9telezett hat\u00e1sa: depresszi\u00f3, menopauza, nyugtat\u00f3, gyomorpanaszok, sebgy\u00f3gyul\u00e1s, nyirokkering\u00e9s, hormonh\u00e1ztart\u00e1s, menstru\u00e1ci\u00f3s probl\u00e9m\u00e1k, b\u0151r, tobozmirigy, term\u00e9kenys\u00e9g Angelite v\u00e1rhat\u00f3 hat\u00e1sa: depresszi\u00f3, torok, pajzsmirigy, v\u00edz egyens\u00faly, gyomorfek\u00e9ly, fogy\u00e1s, angyalkapcsolat , kommunik\u00e1ci\u00f3 A hegyikrist\u00e1ly felt\u00e9telezett hat\u00e1sa: sejtregener\u00e1l\u00f3, v\u00e9d\u0151, immuner\u0151s\u00edt\u0151, agym\u0171k\u00f6d\u00e9s, depresszi\u00f3, idegrendszer, m\u00e9regtelen\u00edt\u00e9s, anyagcsere, hormon\u00e1lis egyens\u00faly, v\u00e9rcukorszint, energia Az ametiszt felt\u00e9telezett hat\u00e1sai : koncentr\u00e1ci\u00f3, v\u00e9rtiszt\u00edt\u00f3, v\u00e9rnyom\u00e1s stabiliz\u00e1l\u00e1s, \u00e9rrendszeri probl\u00e9m\u00e1k, f\u00e1jdalom, stressz, \u00edz\u00fcleti gyullad\u00e1s, ekc\u00e9ma, aura v\u00e9delme, spiritualit\u00e1s fejleszt\u00e9se Az amazonit felt\u00e9telezett hat\u00e1sai: ment\u00e1lis er\u0151, depresszi\u00f3, pajzsmirigy, m\u00e1j, csontritkul\u00e1s, menstru\u00e1ci\u00f3s probl\u00e9m\u00e1k, elektrom\u00e1gneses szennyez\u00e9s","robots":{"index":"index","follow":"follow","max-snippet":"max-snippet:-1","max-image-preview":"max-image-preview:large","max-video-preview":"max-video-preview:-1"},"canonical":"https:\/\/www.thekallidesign.com\/hu\/termek\/lavovy-kamen-hematit-mesacny-kamen-angelit-kristal-praskany-ametyst-amazonit\/","og_locale":"hu_HU","og_type":"article","og_title":"L\u00c1VAK\u0150, hematit, HOLDK\u0150, Angelit, hegyikrist\u00e1ly, ametiszt, amazonit - Kalli","og_description":"A l\u00e1vak\u0151 felt\u00e9telezett hat\u00e1sa: m\u00e9regtelen\u00edt\u00e9s, sejtv\u00edz p\u00f3tl\u00e1sa, izomer\u0151s\u00edt\u00e9s, k\u00f6t\u0151sz\u00f6vet regener\u00e1ci\u00f3, v\u00e9rkering\u00e9s, idegrendszer, idegsejt A hematit felt\u00e9telezett hat\u00e1sa: v\u00e9rk\u00e9pz\u00e9s, betegs\u00e9g ut\u00e1ni l\u00e1badoz\u00e1s, sejtk\u00e9pz\u0151d\u00e9s, v\u00e9rnyom\u00e1s stabiliz\u00e1l\u00e1s, agym\u0171k\u00f6d\u00e9s, vas felsz\u00edv\u00f3d\u00e1s, oxig\u00e9nell\u00e1t\u00e1s A holdk\u0151 felt\u00e9telezett hat\u00e1sa: depresszi\u00f3, menopauza, nyugtat\u00f3, gyomorpanaszok, sebgy\u00f3gyul\u00e1s, nyirokkering\u00e9s, hormonh\u00e1ztart\u00e1s, menstru\u00e1ci\u00f3s probl\u00e9m\u00e1k, b\u0151r, tobozmirigy, term\u00e9kenys\u00e9g Angelite v\u00e1rhat\u00f3 hat\u00e1sa: depresszi\u00f3, torok, pajzsmirigy, v\u00edz egyens\u00faly, gyomorfek\u00e9ly, fogy\u00e1s, angyalkapcsolat , kommunik\u00e1ci\u00f3 A hegyikrist\u00e1ly felt\u00e9telezett hat\u00e1sa: sejtregener\u00e1l\u00f3, v\u00e9d\u0151, immuner\u0151s\u00edt\u0151, agym\u0171k\u00f6d\u00e9s, depresszi\u00f3, idegrendszer, m\u00e9regtelen\u00edt\u00e9s, anyagcsere, hormon\u00e1lis egyens\u00faly, v\u00e9rcukorszint, energia Az ametiszt felt\u00e9telezett hat\u00e1sai : koncentr\u00e1ci\u00f3, v\u00e9rtiszt\u00edt\u00f3, v\u00e9rnyom\u00e1s stabiliz\u00e1l\u00e1s, \u00e9rrendszeri probl\u00e9m\u00e1k, f\u00e1jdalom, stressz, \u00edz\u00fcleti gyullad\u00e1s, ekc\u00e9ma, aura v\u00e9delme, spiritualit\u00e1s fejleszt\u00e9se Az amazonit felt\u00e9telezett hat\u00e1sai: ment\u00e1lis er\u0151, depresszi\u00f3, pajzsmirigy, m\u00e1j, csontritkul\u00e1s, menstru\u00e1ci\u00f3s probl\u00e9m\u00e1k, elektrom\u00e1gneses szennyez\u00e9s","og_url":"https:\/\/www.thekallidesign.com\/hu\/termek\/lavovy-kamen-hematit-mesacny-kamen-angelit-kristal-praskany-ametyst-amazonit\/","og_site_name":"Kalli","article_publisher":"https:\/\/www.facebook.com\/thekallidesign\/","article_modified_time":"2024-01-16T16:28:08+00:00","og_image":[{"width":4096,"height":4096,"url":"https:\/\/www.thekallidesign.com\/wp-content\/uploads\/3BB9695E-6D8E-48C5-94BB-35B98ADBDB95.jpeg","type":"image\/jpeg"}],"twitter_card":"summary_large_image","twitter_misc":{"Becs\u00fclt olvas\u00e1si id\u0151":"1 perc"},"schema":{"@context":"https:\/\/schema.org","@graph":[{"@type":"WebPage","@id":"https:\/\/www.thekallidesign.com\/hu\/termek\/lavovy-kamen-hematit-mesacny-kamen-angelit-kristal-praskany-ametyst-amazonit\/","url":"https:\/\/www.thekallidesign.com\/hu\/termek\/lavovy-kamen-hematit-mesacny-kamen-angelit-kristal-praskany-ametyst-amazonit\/","name":"L\u00c1VAK\u0150, hematit, HOLDK\u0150, Angelit, hegyikrist\u00e1ly, ametiszt, amazonit - Kalli","isPartOf":{"@id":"https:\/\/www.thekallidesign.com\/hu\/#website"},"datePublished":"2024-01-16T13:03:22+00:00","dateModified":"2024-01-16T16:28:08+00:00","description":"A l\u00e1vak\u0151 felt\u00e9telezett hat\u00e1sa: m\u00e9regtelen\u00edt\u00e9s, sejtv\u00edz p\u00f3tl\u00e1sa, izomer\u0151s\u00edt\u00e9s, k\u00f6t\u0151sz\u00f6vet regener\u00e1ci\u00f3, v\u00e9rkering\u00e9s, idegrendszer, idegsejt A hematit felt\u00e9telezett hat\u00e1sa: v\u00e9rk\u00e9pz\u00e9s, betegs\u00e9g ut\u00e1ni l\u00e1badoz\u00e1s, sejtk\u00e9pz\u0151d\u00e9s, v\u00e9rnyom\u00e1s stabiliz\u00e1l\u00e1s, agym\u0171k\u00f6d\u00e9s, vas felsz\u00edv\u00f3d\u00e1s, oxig\u00e9nell\u00e1t\u00e1s A holdk\u0151 felt\u00e9telezett hat\u00e1sa: depresszi\u00f3, menopauza, nyugtat\u00f3, gyomorpanaszok, sebgy\u00f3gyul\u00e1s, nyirokkering\u00e9s, hormonh\u00e1ztart\u00e1s, menstru\u00e1ci\u00f3s probl\u00e9m\u00e1k, b\u0151r, tobozmirigy, term\u00e9kenys\u00e9g Angelite v\u00e1rhat\u00f3 hat\u00e1sa: depresszi\u00f3, torok, pajzsmirigy, v\u00edz egyens\u00faly, gyomorfek\u00e9ly, fogy\u00e1s, angyalkapcsolat , kommunik\u00e1ci\u00f3 A hegyikrist\u00e1ly felt\u00e9telezett hat\u00e1sa: sejtregener\u00e1l\u00f3, v\u00e9d\u0151, immuner\u0151s\u00edt\u0151, agym\u0171k\u00f6d\u00e9s, depresszi\u00f3, idegrendszer, m\u00e9regtelen\u00edt\u00e9s, anyagcsere, hormon\u00e1lis egyens\u00faly, v\u00e9rcukorszint, energia Az ametiszt felt\u00e9telezett hat\u00e1sai : koncentr\u00e1ci\u00f3, v\u00e9rtiszt\u00edt\u00f3, v\u00e9rnyom\u00e1s stabiliz\u00e1l\u00e1s, \u00e9rrendszeri probl\u00e9m\u00e1k, f\u00e1jdalom, stressz, \u00edz\u00fcleti gyullad\u00e1s, ekc\u00e9ma, aura v\u00e9delme, spiritualit\u00e1s fejleszt\u00e9se Az amazonit felt\u00e9telezett hat\u00e1sai: ment\u00e1lis er\u0151, depresszi\u00f3, pajzsmirigy, m\u00e1j, csontritkul\u00e1s, menstru\u00e1ci\u00f3s probl\u00e9m\u00e1k, elektrom\u00e1gneses szennyez\u00e9s","breadcrumb":{"@id":"https:\/\/www.thekallidesign.com\/hu\/termek\/lavovy-kamen-hematit-mesacny-kamen-angelit-kristal-praskany-ametyst-amazonit\/#breadcrumb"},"inLanguage":"hu","potentialAction":[{"@type":"ReadAction","target":["https:\/\/www.thekallidesign.com\/hu\/termek\/lavovy-kamen-hematit-mesacny-kamen-angelit-kristal-praskany-ametyst-amazonit\/"]}]},{"@type":"BreadcrumbList","@id":"https:\/\/www.thekallidesign.com\/hu\/termek\/lavovy-kamen-hematit-mesacny-kamen-angelit-kristal-praskany-ametyst-amazonit\/#breadcrumb","itemListElement":[{"@type":"ListItem","position":1,"name":"Home","item":"https:\/\/www.thekallidesign.com\/hu\/"},{"@type":"ListItem","position":2,"name":"\u00dczlet","item":"https:\/\/www.thekallidesign.com\/hu\/shop\/"},{"@type":"ListItem","position":3,"name":"L\u00c1VAK\u0150, hematit, HOLDK\u0150, Angelit, hegyikrist\u00e1ly, ametiszt, amazonit"}]},{"@type":"WebSite","@id":"https:\/\/www.thekallidesign.com\/hu\/#website","url":"https:\/\/www.thekallidesign.com\/hu\/","name":"The kalli Design","description":"","potentialAction":[{"@type":"SearchAction","target":{"@type":"EntryPoint","urlTemplate":"https:\/\/www.thekallidesign.com\/hu\/?s={search_term_string}"},"query-input":"required name=search_term_string"}],"inLanguage":"hu"}]}},"_links":{"self":[{"href":"https:\/\/www.thekallidesign.com\/hu\/wp-json\/wp\/v2\/product\/3887"}],"collection":[{"href":"https:\/\/www.thekallidesign.com\/hu\/wp-json\/wp\/v2\/product"}],"about":[{"href":"https:\/\/www.thekallidesign.com\/hu\/wp-json\/wp\/v2\/types\/product"}],"replies":[{"embeddable":true,"href":"https:\/\/www.thekallidesign.com\/hu\/wp-json\/wp\/v2\/comments?post=3887"}],"wp:featuredmedia":[{"embeddable":true,"href":"https:\/\/www.thekallidesign.com\/hu\/wp-json\/wp\/v2\/media\/3737"}],"wp:attachment":[{"href":"https:\/\/www.thekallidesign.com\/hu\/wp-json\/wp\/v2\/media?parent=3887"}],"wp:term":[{"taxonomy":"product_cat","embeddable":true,"href":"https:\/\/www.thekallidesign.com\/hu\/wp-json\/wp\/v2\/product_cat?post=3887"},{"taxonomy":"product_tag","embeddable":true,"href":"https:\/\/www.thekallidesign.com\/hu\/wp-json\/wp\/v2\/product_tag?post=3887"}],"curies":[{"name":"wp","href":"https:\/\/api.w.org\/{rel}","templated":true}]}}